{"id":2093,"date":"2021-08-11T12:28:48","date_gmt":"2021-08-11T12:28:48","guid":{"rendered":"https:\/\/new.levygraphie.lu\/reportage-evenements\/"},"modified":"2024-07-04T13:55:12","modified_gmt":"2024-07-04T11:55:12","slug":"reportage-evenements","status":"publish","type":"page","link":"https:\/\/www.levygraphie.lu\/fr\/reportage-evenements\/","title":{"rendered":"Des reportages photo et autres \u00e9v\u00e8nements au Luxembourg"},"content":{"rendered":"\t\t<div data-elementor-type=\"wp-page\" data-elementor-id=\"2093\" class=\"elementor elementor-2093 elementor-919\" data-elementor-post-type=\"page\">\n\t\t\t\t\t\t<section class=\"elementor-section elementor-top-section elementor-element elementor-element-158baa5a elementor-section-boxed elementor-section-height-default elementor-section-height-default parallax_section_no qode_elementor_container_no\" data-id=\"158baa5a\" data-element_type=\"section\" data-e-type=\"section\">\n\t\t\t\t\t\t<div class=\"elementor-container elementor-column-gap-default\">\n\t\t\t\t\t<div class=\"elementor-column elementor-col-100 elementor-top-column elementor-element elementor-element-3cd10f38\" data-id=\"3cd10f38\" data-element_type=\"column\" data-e-type=\"column\">\n\t\t\t<div class=\"elementor-widget-wrap elementor-element-populated\">\n\t\t\t\t\t\t<div class=\"elementor-element elementor-element-23c35e9 elementor-nav-menu__align-center elementor-nav-menu--dropdown-tablet elementor-nav-menu__text-align-aside elementor-nav-menu--toggle elementor-nav-menu--burger elementor-widget elementor-widget-nav-menu\" data-id=\"23c35e9\" data-element_type=\"widget\" data-e-type=\"widget\" data-settings=\"{&quot;layout&quot;:&quot;horizontal&quot;,&quot;submenu_icon&quot;:{&quot;value&quot;:&quot;&lt;i class=\\&quot;fas fa-caret-down\\&quot; aria-hidden=\\&quot;true\\&quot;&gt;&lt;\\\/i&gt;&quot;,&quot;library&quot;:&quot;fa-solid&quot;},&quot;toggle&quot;:&quot;burger&quot;}\" data-widget_type=\"nav-menu.default\">\n\t\t\t\t<div class=\"elementor-widget-container\">\n\t\t\t\t\t\t\t\t<nav aria-label=\"Menu\" class=\"elementor-nav-menu--main elementor-nav-menu__container elementor-nav-menu--layout-horizontal e--pointer-underline e--animation-fade\">\n\t\t\t\t<ul id=\"menu-1-23c35e9\" class=\"elementor-nav-menu\"><li class=\"menu-item menu-item-type-post_type menu-item-object-page menu-item-6116\"><a href=\"https:\/\/www.levygraphie.lu\/fr\/portraits\/\" class=\"elementor-item\">PORTRAITS<\/a><\/li>\n<li class=\"menu-item menu-item-type-post_type menu-item-object-page menu-item-2328\"><a href=\"https:\/\/www.levygraphie.lu\/fr\/reportage-evenements\/\" class=\"elementor-item\">REPORTAGE &#038; \u00c9V\u00c9NEMENT<\/a><\/li>\n<li class=\"menu-item menu-item-type-post_type menu-item-object-page menu-item-2327\"><a href=\"https:\/\/www.levygraphie.lu\/fr\/architecture\/\" class=\"elementor-item\">ARCHITECTURE<\/a><\/li>\n<li class=\"menu-item menu-item-type-post_type menu-item-object-page menu-item-7017\"><a href=\"https:\/\/www.levygraphie.lu\/fr\/wetplate\/\" class=\"elementor-item\">WETPLATE<\/a><\/li>\n<li class=\"menu-item menu-item-type-post_type menu-item-object-page menu-item-7018\"><a href=\"https:\/\/www.levygraphie.lu\/fr\/enfants-famille\/\" class=\"elementor-item\">ENFANTS &#038; FAMILLE<\/a><\/li>\n<li class=\"menu-item menu-item-type-post_type menu-item-object-page menu-item-7020\"><a href=\"https:\/\/www.levygraphie.lu\/fr\/moments-precieux\/\" class=\"elementor-item\">MOMENTS PRECIEUX<\/a><\/li>\n<\/ul>\t\t\t<\/nav>\n\t\t\t\t\t<div class=\"elementor-menu-toggle\" role=\"button\" tabindex=\"0\" aria-label=\"Permuter le menu\" aria-expanded=\"false\">\n\t\t\t<i aria-hidden=\"true\" role=\"presentation\" class=\"elementor-menu-toggle__icon--open eicon-menu-bar\"><\/i><i aria-hidden=\"true\" role=\"presentation\" class=\"elementor-menu-toggle__icon--close eicon-close\"><\/i>\t\t<\/div>\n\t\t\t\t\t<nav class=\"elementor-nav-menu--dropdown elementor-nav-menu__container\" aria-hidden=\"true\">\n\t\t\t\t<ul id=\"menu-2-23c35e9\" class=\"elementor-nav-menu\"><li class=\"menu-item menu-item-type-post_type menu-item-object-page menu-item-6116\"><a href=\"https:\/\/www.levygraphie.lu\/fr\/portraits\/\" class=\"elementor-item\" tabindex=\"-1\">PORTRAITS<\/a><\/li>\n<li class=\"menu-item menu-item-type-post_type menu-item-object-page menu-item-2328\"><a href=\"https:\/\/www.levygraphie.lu\/fr\/reportage-evenements\/\" class=\"elementor-item\" tabindex=\"-1\">REPORTAGE &#038; \u00c9V\u00c9NEMENT<\/a><\/li>\n<li class=\"menu-item menu-item-type-post_type menu-item-object-page menu-item-2327\"><a href=\"https:\/\/www.levygraphie.lu\/fr\/architecture\/\" class=\"elementor-item\" tabindex=\"-1\">ARCHITECTURE<\/a><\/li>\n<li class=\"menu-item menu-item-type-post_type menu-item-object-page menu-item-7017\"><a href=\"https:\/\/www.levygraphie.lu\/fr\/wetplate\/\" class=\"elementor-item\" tabindex=\"-1\">WETPLATE<\/a><\/li>\n<li class=\"menu-item menu-item-type-post_type menu-item-object-page menu-item-7018\"><a href=\"https:\/\/www.levygraphie.lu\/fr\/enfants-famille\/\" class=\"elementor-item\" tabindex=\"-1\">ENFANTS &#038; FAMILLE<\/a><\/li>\n<li class=\"menu-item menu-item-type-post_type menu-item-object-page menu-item-7020\"><a href=\"https:\/\/www.levygraphie.lu\/fr\/moments-precieux\/\" class=\"elementor-item\" tabindex=\"-1\">MOMENTS PRECIEUX<\/a><\/li>\n<\/ul>\t\t\t<\/nav>\n\t\t\t\t\t\t<\/div>\n\t\t\t\t<\/div>\n\t\t\t\t<div class=\"elementor-element elementor-element-1a77b7e wdn-text-hidden elementor-widget elementor-widget-heading\" data-id=\"1a77b7e\" data-element_type=\"widget\" data-e-type=\"widget\" data-widget_type=\"heading.default\">\n\t\t\t\t<div class=\"elementor-widget-container\">\n\t\t\t\t\t<h1 class=\"elementor-heading-title elementor-size-default\">Reports &amp; Events<\/h1>\t\t\t\t<\/div>\n\t\t\t\t<\/div>\n\t\t\t\t<div class=\"elementor-element elementor-element-6b0ebe8 elementor-widget elementor-widget-gallery\" data-id=\"6b0ebe8\" data-element_type=\"widget\" data-e-type=\"widget\" data-settings=\"{&quot;gallery_layout&quot;:&quot;justified&quot;,&quot;ideal_row_height&quot;:{&quot;unit&quot;:&quot;px&quot;,&quot;size&quot;:290,&quot;sizes&quot;:[]},&quot;lazyload&quot;:&quot;yes&quot;,&quot;ideal_row_height_tablet&quot;:{&quot;unit&quot;:&quot;px&quot;,&quot;size&quot;:150,&quot;sizes&quot;:[]},&quot;ideal_row_height_mobile&quot;:{&quot;unit&quot;:&quot;px&quot;,&quot;size&quot;:150,&quot;sizes&quot;:[]},&quot;gap&quot;:{&quot;unit&quot;:&quot;px&quot;,&quot;size&quot;:10,&quot;sizes&quot;:[]},&quot;gap_tablet&quot;:{&quot;unit&quot;:&quot;px&quot;,&quot;size&quot;:10,&quot;sizes&quot;:[]},&quot;gap_mobile&quot;:{&quot;unit&quot;:&quot;px&quot;,&quot;size&quot;:10,&quot;sizes&quot;:[]},&quot;link_to&quot;:&quot;file&quot;,&quot;overlay_background&quot;:&quot;yes&quot;,&quot;content_hover_animation&quot;:&quot;fade-in&quot;}\" data-widget_type=\"gallery.default\">\n\t\t\t\t<div class=\"elementor-widget-container\">\n\t\t\t\t\t\t\t<div class=\"elementor-gallery__container\">\n\t\t\t\t\t\t\t<a class=\"e-gallery-item elementor-gallery-item elementor-animated-content\" href=\"https:\/\/www.levygraphie.lu\/wp-content\/uploads\/2024\/06\/2023_005_cuisine_MR_bereldange_20230119_008.jpg\" data-elementor-open-lightbox=\"yes\" data-elementor-lightbox-slideshow=\"6b0ebe8\" data-elementor-lightbox-title=\"2023_005_cuisine_MR_bereldange_20230119_008\" data-elementor-lightbox-description=\"Levygraphie photographie reportage business corporate\" data-e-action-hash=\"#elementor-action%3Aaction%3Dlightbox%26settings%3DeyJpZCI6ODcwOSwidXJsIjoiaHR0cHM6XC9cL3d3dy5sZXZ5Z3JhcGhpZS5sdVwvd3AtY29udGVudFwvdXBsb2Fkc1wvMjAyNFwvMDZcLzIwMjNfMDA1X2N1aXNpbmVfTVJfYmVyZWxkYW5nZV8yMDIzMDExOV8wMDguanBnIiwic2xpZGVzaG93IjoiNmIwZWJlOCJ9\">\n\t\t\t\t\t<div class=\"e-gallery-image elementor-gallery-item__image\" data-thumbnail=\"https:\/\/www.levygraphie.lu\/wp-content\/uploads\/2024\/06\/2023_005_cuisine_MR_bereldange_20230119_008-1024x683.jpg\" data-width=\"1024\" data-height=\"683\" aria-label=\"\" role=\"img\" ><\/div>\n\t\t\t\t\t\t\t\t\t\t\t<div class=\"elementor-gallery-item__overlay\"><\/div>\n\t\t\t\t\t\t\t\t\t\t\t\t\t\t<\/a>\n\t\t\t\t\t\t\t<a class=\"e-gallery-item elementor-gallery-item elementor-animated-content\" href=\"https:\/\/www.levygraphie.lu\/wp-content\/uploads\/2023\/10\/2022_62_bicherdeeg_20221120_470.jpg\" data-elementor-open-lightbox=\"yes\" data-elementor-lightbox-slideshow=\"6b0ebe8\" data-elementor-lightbox-title=\"2022_62_bicherdeeg_20221120_470\" data-elementor-lightbox-description=\"Levygraphie photographie reportage\" data-e-action-hash=\"#elementor-action%3Aaction%3Dlightbox%26settings%3DeyJpZCI6ODM4NiwidXJsIjoiaHR0cHM6XC9cL3d3dy5sZXZ5Z3JhcGhpZS5sdVwvd3AtY29udGVudFwvdXBsb2Fkc1wvMjAyM1wvMTBcLzIwMjJfNjJfYmljaGVyZGVlZ18yMDIyMTEyMF80NzAuanBnIiwic2xpZGVzaG93IjoiNmIwZWJlOCJ9\">\n\t\t\t\t\t<div class=\"e-gallery-image elementor-gallery-item__image\" data-thumbnail=\"https:\/\/www.levygraphie.lu\/wp-content\/uploads\/2023\/10\/2022_62_bicherdeeg_20221120_470-1024x683.jpg\" data-width=\"1024\" data-height=\"683\" aria-label=\"\" role=\"img\" ><\/div>\n\t\t\t\t\t\t\t\t\t\t\t<div class=\"elementor-gallery-item__overlay\"><\/div>\n\t\t\t\t\t\t\t\t\t\t\t\t\t\t<\/a>\n\t\t\t\t\t\t\t<a class=\"e-gallery-item elementor-gallery-item elementor-animated-content\" href=\"https:\/\/www.levygraphie.lu\/wp-content\/uploads\/2024\/06\/2023_018_materiel_crise_20230322_002.jpg\" data-elementor-open-lightbox=\"yes\" data-elementor-lightbox-slideshow=\"6b0ebe8\" data-elementor-lightbox-title=\"2023_018_materiel_crise_20230322_002\" data-elementor-lightbox-description=\"Levygraphie photographie reportage business corporate\" data-e-action-hash=\"#elementor-action%3Aaction%3Dlightbox%26settings%3DeyJpZCI6ODcxMiwidXJsIjoiaHR0cHM6XC9cL3d3dy5sZXZ5Z3JhcGhpZS5sdVwvd3AtY29udGVudFwvdXBsb2Fkc1wvMjAyNFwvMDZcLzIwMjNfMDE4X21hdGVyaWVsX2NyaXNlXzIwMjMwMzIyXzAwMi5qcGciLCJzbGlkZXNob3ciOiI2YjBlYmU4In0%3D\">\n\t\t\t\t\t<div class=\"e-gallery-image elementor-gallery-item__image\" data-thumbnail=\"https:\/\/www.levygraphie.lu\/wp-content\/uploads\/2024\/06\/2023_018_materiel_crise_20230322_002-1024x683.jpg\" data-width=\"1024\" data-height=\"683\" aria-label=\"\" role=\"img\" ><\/div>\n\t\t\t\t\t\t\t\t\t\t\t<div class=\"elementor-gallery-item__overlay\"><\/div>\n\t\t\t\t\t\t\t\t\t\t\t\t\t\t<\/a>\n\t\t\t\t\t\t\t<a class=\"e-gallery-item elementor-gallery-item elementor-animated-content\" href=\"https:\/\/www.levygraphie.lu\/wp-content\/uploads\/2024\/06\/20230315_enovos_pv_landewyck_034.jpg\" data-elementor-open-lightbox=\"yes\" data-elementor-lightbox-slideshow=\"6b0ebe8\" data-elementor-lightbox-title=\"20230315_enovos_pv_landewyck_034\" data-elementor-lightbox-description=\"Levygraphie photographie reportage business corporate\" data-e-action-hash=\"#elementor-action%3Aaction%3Dlightbox%26settings%3DeyJpZCI6ODcxNSwidXJsIjoiaHR0cHM6XC9cL3d3dy5sZXZ5Z3JhcGhpZS5sdVwvd3AtY29udGVudFwvdXBsb2Fkc1wvMjAyNFwvMDZcLzIwMjMwMzE1X2Vub3Zvc19wdl9sYW5kZXd5Y2tfMDM0LmpwZyIsInNsaWRlc2hvdyI6IjZiMGViZTgifQ%3D%3D\">\n\t\t\t\t\t<div class=\"e-gallery-image elementor-gallery-item__image\" data-thumbnail=\"https:\/\/www.levygraphie.lu\/wp-content\/uploads\/2024\/06\/20230315_enovos_pv_landewyck_034-1024x683.jpg\" data-width=\"1024\" data-height=\"683\" aria-label=\"\" role=\"img\" ><\/div>\n\t\t\t\t\t\t\t\t\t\t\t<div class=\"elementor-gallery-item__overlay\"><\/div>\n\t\t\t\t\t\t\t\t\t\t\t\t\t\t<\/a>\n\t\t\t\t\t\t\t<a class=\"e-gallery-item elementor-gallery-item elementor-animated-content\" href=\"https:\/\/www.levygraphie.lu\/wp-content\/uploads\/2024\/06\/20240111_ferrari_diner_pilotes_002.jpg\" data-elementor-open-lightbox=\"yes\" data-elementor-lightbox-slideshow=\"6b0ebe8\" data-elementor-lightbox-title=\"20240111_ferrari_diner_pilotes_002\" data-elementor-lightbox-description=\"Levygraphie photographie reportage business corporate\" data-e-action-hash=\"#elementor-action%3Aaction%3Dlightbox%26settings%3DeyJpZCI6ODcxOCwidXJsIjoiaHR0cHM6XC9cL3d3dy5sZXZ5Z3JhcGhpZS5sdVwvd3AtY29udGVudFwvdXBsb2Fkc1wvMjAyNFwvMDZcLzIwMjQwMTExX2ZlcnJhcmlfZGluZXJfcGlsb3Rlc18wMDIuanBnIiwic2xpZGVzaG93IjoiNmIwZWJlOCJ9\">\n\t\t\t\t\t<div class=\"e-gallery-image elementor-gallery-item__image\" data-thumbnail=\"https:\/\/www.levygraphie.lu\/wp-content\/uploads\/2024\/06\/20240111_ferrari_diner_pilotes_002-1024x683.jpg\" data-width=\"1024\" data-height=\"683\" aria-label=\"\" role=\"img\" ><\/div>\n\t\t\t\t\t\t\t\t\t\t\t<div class=\"elementor-gallery-item__overlay\"><\/div>\n\t\t\t\t\t\t\t\t\t\t\t\t\t\t<\/a>\n\t\t\t\t\t\t\t<a class=\"e-gallery-item elementor-gallery-item elementor-animated-content\" href=\"https:\/\/www.levygraphie.lu\/wp-content\/uploads\/2024\/06\/20240504_LPEM_porte_ouverte_050.jpg\" data-elementor-open-lightbox=\"yes\" data-elementor-lightbox-slideshow=\"6b0ebe8\" data-elementor-lightbox-title=\"20240504_LPEM_porte_ouverte_050\" data-elementor-lightbox-description=\"Levygraphie photographie reportage business corporate\" data-e-action-hash=\"#elementor-action%3Aaction%3Dlightbox%26settings%3DeyJpZCI6ODcyMSwidXJsIjoiaHR0cHM6XC9cL3d3dy5sZXZ5Z3JhcGhpZS5sdVwvd3AtY29udGVudFwvdXBsb2Fkc1wvMjAyNFwvMDZcLzIwMjQwNTA0X0xQRU1fcG9ydGVfb3V2ZXJ0ZV8wNTAuanBnIiwic2xpZGVzaG93IjoiNmIwZWJlOCJ9\">\n\t\t\t\t\t<div class=\"e-gallery-image elementor-gallery-item__image\" data-thumbnail=\"https:\/\/www.levygraphie.lu\/wp-content\/uploads\/2024\/06\/20240504_LPEM_porte_ouverte_050-683x1024.jpg\" data-width=\"683\" data-height=\"1024\" aria-label=\"\" role=\"img\" ><\/div>\n\t\t\t\t\t\t\t\t\t\t\t<div class=\"elementor-gallery-item__overlay\"><\/div>\n\t\t\t\t\t\t\t\t\t\t\t\t\t\t<\/a>\n\t\t\t\t\t\t\t<a class=\"e-gallery-item elementor-gallery-item elementor-animated-content\" href=\"https:\/\/www.levygraphie.lu\/wp-content\/uploads\/2024\/06\/20240621_josy_clement_046.jpg\" data-elementor-open-lightbox=\"yes\" data-elementor-lightbox-slideshow=\"6b0ebe8\" data-elementor-lightbox-title=\"20240621_josy_clement_046\" data-elementor-lightbox-description=\"Levygraphie photographie reportage business corporate\" data-e-action-hash=\"#elementor-action%3Aaction%3Dlightbox%26settings%3DeyJpZCI6ODcyNCwidXJsIjoiaHR0cHM6XC9cL3d3dy5sZXZ5Z3JhcGhpZS5sdVwvd3AtY29udGVudFwvdXBsb2Fkc1wvMjAyNFwvMDZcLzIwMjQwNjIxX2pvc3lfY2xlbWVudF8wNDYuanBnIiwic2xpZGVzaG93IjoiNmIwZWJlOCJ9\">\n\t\t\t\t\t<div class=\"e-gallery-image elementor-gallery-item__image\" data-thumbnail=\"https:\/\/www.levygraphie.lu\/wp-content\/uploads\/2024\/06\/20240621_josy_clement_046-1024x683.jpg\" data-width=\"1024\" data-height=\"683\" aria-label=\"\" role=\"img\" ><\/div>\n\t\t\t\t\t\t\t\t\t\t\t<div class=\"elementor-gallery-item__overlay\"><\/div>\n\t\t\t\t\t\t\t\t\t\t\t\t\t\t<\/a>\n\t\t\t\t\t\t\t<a class=\"e-gallery-item elementor-gallery-item elementor-animated-content\" href=\"https:\/\/www.levygraphie.lu\/wp-content\/uploads\/2024\/06\/20240621_josy_clement_088.jpg\" data-elementor-open-lightbox=\"yes\" data-elementor-lightbox-slideshow=\"6b0ebe8\" data-elementor-lightbox-title=\"20240621_josy_clement_088\" data-elementor-lightbox-description=\"Levygraphie photographie reportage business corporate\" data-e-action-hash=\"#elementor-action%3Aaction%3Dlightbox%26settings%3DeyJpZCI6ODcyNywidXJsIjoiaHR0cHM6XC9cL3d3dy5sZXZ5Z3JhcGhpZS5sdVwvd3AtY29udGVudFwvdXBsb2Fkc1wvMjAyNFwvMDZcLzIwMjQwNjIxX2pvc3lfY2xlbWVudF8wODguanBnIiwic2xpZGVzaG93IjoiNmIwZWJlOCJ9\">\n\t\t\t\t\t<div class=\"e-gallery-image elementor-gallery-item__image\" data-thumbnail=\"https:\/\/www.levygraphie.lu\/wp-content\/uploads\/2024\/06\/20240621_josy_clement_088-683x1024.jpg\" data-width=\"683\" data-height=\"1024\" aria-label=\"\" role=\"img\" ><\/div>\n\t\t\t\t\t\t\t\t\t\t\t<div class=\"elementor-gallery-item__overlay\"><\/div>\n\t\t\t\t\t\t\t\t\t\t\t\t\t\t<\/a>\n\t\t\t\t\t\t\t<a class=\"e-gallery-item elementor-gallery-item elementor-animated-content\" href=\"https:\/\/www.levygraphie.lu\/wp-content\/uploads\/2021\/10\/20190425_JEL_formation_titulaires_013.jpg\" data-elementor-open-lightbox=\"yes\" data-elementor-lightbox-slideshow=\"6b0ebe8\" data-elementor-lightbox-title=\"Reportage photo 3\" data-elementor-lightbox-description=\"Des reportages photo et autres \u00e9v\u00e8nements au Luxembourg\" data-e-action-hash=\"#elementor-action%3Aaction%3Dlightbox%26settings%3DeyJpZCI6NDIyNiwidXJsIjoiaHR0cHM6XC9cL3d3dy5sZXZ5Z3JhcGhpZS5sdVwvd3AtY29udGVudFwvdXBsb2Fkc1wvMjAyMVwvMTBcLzIwMTkwNDI1X0pFTF9mb3JtYXRpb25fdGl0dWxhaXJlc18wMTMuanBnIiwic2xpZGVzaG93IjoiNmIwZWJlOCJ9\">\n\t\t\t\t\t<div class=\"e-gallery-image elementor-gallery-item__image\" data-thumbnail=\"https:\/\/www.levygraphie.lu\/wp-content\/uploads\/2021\/10\/20190425_JEL_formation_titulaires_013-1024x682.jpg\" data-width=\"1024\" data-height=\"682\" aria-label=\"Levygraphie Studio Photo Event Luxembourg\" role=\"img\" ><\/div>\n\t\t\t\t\t\t\t\t\t\t\t<div class=\"elementor-gallery-item__overlay\"><\/div>\n\t\t\t\t\t\t\t\t\t\t\t\t\t\t<\/a>\n\t\t\t\t\t\t\t<a class=\"e-gallery-item elementor-gallery-item elementor-animated-content\" href=\"https:\/\/www.levygraphie.lu\/wp-content\/uploads\/2021\/10\/REPORTAGE_20200113_jel_ag_minientreprises_005.jpg\" data-elementor-open-lightbox=\"yes\" data-elementor-lightbox-slideshow=\"6b0ebe8\" data-elementor-lightbox-title=\"Reportage photo mini entreprises\" data-elementor-lightbox-description=\"Des reportages photo et autres \u00e9v\u00e8nements au Luxembourg\" data-e-action-hash=\"#elementor-action%3Aaction%3Dlightbox%26settings%3DeyJpZCI6NDI0MSwidXJsIjoiaHR0cHM6XC9cL3d3dy5sZXZ5Z3JhcGhpZS5sdVwvd3AtY29udGVudFwvdXBsb2Fkc1wvMjAyMVwvMTBcL1JFUE9SVEFHRV8yMDIwMDExM19qZWxfYWdfbWluaWVudHJlcHJpc2VzXzAwNS5qcGciLCJzbGlkZXNob3ciOiI2YjBlYmU4In0%3D\">\n\t\t\t\t\t<div class=\"e-gallery-image elementor-gallery-item__image\" data-thumbnail=\"https:\/\/www.levygraphie.lu\/wp-content\/uploads\/2021\/10\/REPORTAGE_20200113_jel_ag_minientreprises_005-1024x682.jpg\" data-width=\"1024\" data-height=\"682\" aria-label=\"Levygraphie Studio Photo Event Luxembourg\" role=\"img\" ><\/div>\n\t\t\t\t\t\t\t\t\t\t\t<div class=\"elementor-gallery-item__overlay\"><\/div>\n\t\t\t\t\t\t\t\t\t\t\t\t\t\t<\/a>\n\t\t\t\t\t\t\t<a class=\"e-gallery-item elementor-gallery-item elementor-animated-content\" href=\"https:\/\/www.levygraphie.lu\/wp-content\/uploads\/2021\/10\/20210923_enovos_diego_021.jpg\" data-elementor-open-lightbox=\"yes\" data-elementor-lightbox-slideshow=\"6b0ebe8\" data-elementor-lightbox-title=\"Reportage photo Enovos\" data-elementor-lightbox-description=\"Des reportages photo et autres \u00e9v\u00e8nements au Luxembourg\" data-e-action-hash=\"#elementor-action%3Aaction%3Dlightbox%26settings%3DeyJpZCI6NDIzOCwidXJsIjoiaHR0cHM6XC9cL3d3dy5sZXZ5Z3JhcGhpZS5sdVwvd3AtY29udGVudFwvdXBsb2Fkc1wvMjAyMVwvMTBcLzIwMjEwOTIzX2Vub3Zvc19kaWVnb18wMjEuanBnIiwic2xpZGVzaG93IjoiNmIwZWJlOCJ9\">\n\t\t\t\t\t<div class=\"e-gallery-image elementor-gallery-item__image\" data-thumbnail=\"https:\/\/www.levygraphie.lu\/wp-content\/uploads\/2021\/10\/20210923_enovos_diego_021-1024x683.jpg\" data-width=\"1024\" data-height=\"683\" aria-label=\"Levygraphie Studio Photo Event Luxembourg\" role=\"img\" ><\/div>\n\t\t\t\t\t\t\t\t\t\t\t<div class=\"elementor-gallery-item__overlay\"><\/div>\n\t\t\t\t\t\t\t\t\t\t\t\t\t\t<\/a>\n\t\t\t\t\t\t\t<a class=\"e-gallery-item elementor-gallery-item elementor-animated-content\" href=\"https:\/\/www.levygraphie.lu\/wp-content\/uploads\/2021\/10\/20210309_raiffeisen_natur_emwelt_003.jpg\" data-elementor-open-lightbox=\"yes\" data-elementor-lightbox-slideshow=\"6b0ebe8\" data-elementor-lightbox-title=\"Reportage photo Raiffeisen\" data-elementor-lightbox-description=\"Des reportages photo et autres \u00e9v\u00e8nements au Luxembourg\" data-e-action-hash=\"#elementor-action%3Aaction%3Dlightbox%26settings%3DeyJpZCI6NDIzMiwidXJsIjoiaHR0cHM6XC9cL3d3dy5sZXZ5Z3JhcGhpZS5sdVwvd3AtY29udGVudFwvdXBsb2Fkc1wvMjAyMVwvMTBcLzIwMjEwMzA5X3JhaWZmZWlzZW5fbmF0dXJfZW13ZWx0XzAwMy5qcGciLCJzbGlkZXNob3ciOiI2YjBlYmU4In0%3D\">\n\t\t\t\t\t<div class=\"e-gallery-image elementor-gallery-item__image\" data-thumbnail=\"https:\/\/www.levygraphie.lu\/wp-content\/uploads\/2021\/10\/20210309_raiffeisen_natur_emwelt_003-1024x682.jpg\" data-width=\"1024\" data-height=\"682\" aria-label=\"Levygraphie Studio Photo Event Luxembourg\" role=\"img\" ><\/div>\n\t\t\t\t\t\t\t\t\t\t\t<div class=\"elementor-gallery-item__overlay\"><\/div>\n\t\t\t\t\t\t\t\t\t\t\t\t\t\t<\/a>\n\t\t\t\t\t\t\t<a class=\"e-gallery-item elementor-gallery-item elementor-animated-content\" href=\"https:\/\/www.levygraphie.lu\/wp-content\/uploads\/2021\/10\/20190702_jel_pm_awards_001.jpg\" data-elementor-open-lightbox=\"yes\" data-elementor-lightbox-slideshow=\"6b0ebe8\" data-elementor-lightbox-title=\"Reportage photo 4 PM Awards\" data-elementor-lightbox-description=\"Des reportages photo et autres \u00e9v\u00e8nements au Luxembourg\" data-e-action-hash=\"#elementor-action%3Aaction%3Dlightbox%26settings%3DeyJpZCI6NDIyOSwidXJsIjoiaHR0cHM6XC9cL3d3dy5sZXZ5Z3JhcGhpZS5sdVwvd3AtY29udGVudFwvdXBsb2Fkc1wvMjAyMVwvMTBcLzIwMTkwNzAyX2plbF9wbV9hd2FyZHNfMDAxLmpwZyIsInNsaWRlc2hvdyI6IjZiMGViZTgifQ%3D%3D\">\n\t\t\t\t\t<div class=\"e-gallery-image elementor-gallery-item__image\" data-thumbnail=\"https:\/\/www.levygraphie.lu\/wp-content\/uploads\/2021\/10\/20190702_jel_pm_awards_001-1024x682.jpg\" data-width=\"1024\" data-height=\"682\" aria-label=\"Levygraphie Studio Photo Event Luxembourg\" role=\"img\" ><\/div>\n\t\t\t\t\t\t\t\t\t\t\t<div class=\"elementor-gallery-item__overlay\"><\/div>\n\t\t\t\t\t\t\t\t\t\t\t\t\t\t<\/a>\n\t\t\t\t\t\t\t<a class=\"e-gallery-item elementor-gallery-item elementor-animated-content\" href=\"https:\/\/www.levygraphie.lu\/wp-content\/uploads\/2023\/10\/20230912_ferrari_roma_spider_167.jpg\" data-elementor-open-lightbox=\"yes\" data-elementor-lightbox-slideshow=\"6b0ebe8\" data-elementor-lightbox-title=\"20230912_ferrari_roma_spider_167\" data-elementor-lightbox-description=\"Levygraphie photographie reportage\" data-e-action-hash=\"#elementor-action%3Aaction%3Dlightbox%26settings%3DeyJpZCI6ODM4OSwidXJsIjoiaHR0cHM6XC9cL3d3dy5sZXZ5Z3JhcGhpZS5sdVwvd3AtY29udGVudFwvdXBsb2Fkc1wvMjAyM1wvMTBcLzIwMjMwOTEyX2ZlcnJhcmlfcm9tYV9zcGlkZXJfMTY3LmpwZyIsInNsaWRlc2hvdyI6IjZiMGViZTgifQ%3D%3D\">\n\t\t\t\t\t<div class=\"e-gallery-image elementor-gallery-item__image\" data-thumbnail=\"https:\/\/www.levygraphie.lu\/wp-content\/uploads\/2023\/10\/20230912_ferrari_roma_spider_167-1024x683.jpg\" data-width=\"1024\" data-height=\"683\" aria-label=\"\" role=\"img\" ><\/div>\n\t\t\t\t\t\t\t\t\t\t\t<div class=\"elementor-gallery-item__overlay\"><\/div>\n\t\t\t\t\t\t\t\t\t\t\t\t\t\t<\/a>\n\t\t\t\t\t\t\t<a class=\"e-gallery-item elementor-gallery-item elementor-animated-content\" href=\"https:\/\/www.levygraphie.lu\/wp-content\/uploads\/2023\/10\/20230420_JEL_finale_yep_005.jpg\" data-elementor-open-lightbox=\"yes\" data-elementor-lightbox-slideshow=\"6b0ebe8\" data-elementor-lightbox-title=\"20230420_JEL_finale_yep_005\" data-elementor-lightbox-description=\"Levygraphie photographie reportage business corporate\" data-e-action-hash=\"#elementor-action%3Aaction%3Dlightbox%26settings%3DeyJpZCI6ODM5OCwidXJsIjoiaHR0cHM6XC9cL3d3dy5sZXZ5Z3JhcGhpZS5sdVwvd3AtY29udGVudFwvdXBsb2Fkc1wvMjAyM1wvMTBcLzIwMjMwNDIwX0pFTF9maW5hbGVfeWVwXzAwNS5qcGciLCJzbGlkZXNob3ciOiI2YjBlYmU4In0%3D\">\n\t\t\t\t\t<div class=\"e-gallery-image elementor-gallery-item__image\" data-thumbnail=\"https:\/\/www.levygraphie.lu\/wp-content\/uploads\/2023\/10\/20230420_JEL_finale_yep_005-683x1024.jpg\" data-width=\"683\" data-height=\"1024\" aria-label=\"\" role=\"img\" ><\/div>\n\t\t\t\t\t\t\t\t\t\t\t<div class=\"elementor-gallery-item__overlay\"><\/div>\n\t\t\t\t\t\t\t\t\t\t\t\t\t\t<\/a>\n\t\t\t\t\t<\/div>\n\t\t\t\t\t<\/div>\n\t\t\t\t<\/div>\n\t\t\t\t\t<\/div>\n\t\t<\/div>\n\t\t\t\t\t<\/div>\n\t\t<\/section>\n\t\t\t\t<section class=\"elementor-section elementor-top-section elementor-element elementor-element-6d3aa2f2 elementor-section-content-middle elementor-section-boxed elementor-section-height-default elementor-section-height-default parallax_section_no qode_elementor_container_no\" data-id=\"6d3aa2f2\" data-element_type=\"section\" data-e-type=\"section\" data-settings=\"{&quot;background_background&quot;:&quot;classic&quot;}\">\n\t\t\t\t\t\t<div class=\"elementor-container elementor-column-gap-no\">\n\t\t\t\t\t<div class=\"elementor-column elementor-col-100 elementor-top-column elementor-element elementor-element-32f7262\" data-id=\"32f7262\" data-element_type=\"column\" data-e-type=\"column\">\n\t\t\t<div class=\"elementor-widget-wrap elementor-element-populated\">\n\t\t\t\t\t\t<div class=\"elementor-element elementor-element-5fe4f7a0 elementor-widget elementor-widget-heading\" data-id=\"5fe4f7a0\" data-element_type=\"widget\" data-e-type=\"widget\" data-widget_type=\"heading.default\">\n\t\t\t\t<div class=\"elementor-widget-container\">\n\t\t\t\t\t<h4 class=\"elementor-heading-title elementor-size-default\">Reportages photo authentiques et histoires en images<\/h4>\t\t\t\t<\/div>\n\t\t\t\t<\/div>\n\t\t\t\t<div class=\"elementor-element elementor-element-7cd5d5aa elementor-widget elementor-widget-text-editor\" data-id=\"7cd5d5aa\" data-element_type=\"widget\" data-e-type=\"widget\" data-widget_type=\"text-editor.default\">\n\t\t\t\t<div class=\"elementor-widget-container\">\n\t\t\t\t\t\t\t\t\t<p><span style=\"color: #ffffff;\">Vous souhaitez mettre en valeur vos r\u00e9alisations et produits pour les pr\u00e9senter \u00e0 vos clients? Vous planifiez un \u00e9v\u00e9nement pour lequel vous avez besoin d\u2019un photographe professionnel? Nous \u00e9laborerons un concept visuel en fonction de votre objectif et discuterons du d\u00e9roulement avec vous en amont.\u00a0Faites appel \u00e0 nos services pour vos reportages et documentations photographiques!\u00a0<\/span><\/p>\t\t\t\t\t\t\t\t<\/div>\n\t\t\t\t<\/div>\n\t\t\t\t\t<\/div>\n\t\t<\/div>\n\t\t\t\t\t<\/div>\n\t\t<\/section>\n\t\t\t\t<section class=\"elementor-section elementor-top-section elementor-element elementor-element-67188349 elementor-section-content-middle elementor-section-boxed elementor-section-height-default elementor-section-height-default parallax_section_no qode_elementor_container_no\" data-id=\"67188349\" data-element_type=\"section\" data-e-type=\"section\" data-settings=\"{&quot;background_background&quot;:&quot;classic&quot;}\">\n\t\t\t\t\t\t<div class=\"elementor-container elementor-column-gap-no\">\n\t\t\t\t\t<div class=\"elementor-column elementor-col-100 elementor-top-column elementor-element elementor-element-35d7814d\" data-id=\"35d7814d\" data-element_type=\"column\" data-e-type=\"column\">\n\t\t\t<div class=\"elementor-widget-wrap elementor-element-populated\">\n\t\t\t\t\t\t<div class=\"elementor-element elementor-element-346ee385 elementor-widget elementor-widget-heading\" data-id=\"346ee385\" data-element_type=\"widget\" data-e-type=\"widget\" data-widget_type=\"heading.default\">\n\t\t\t\t<div class=\"elementor-widget-container\">\n\t\t\t\t\t<h4 class=\"elementor-heading-title elementor-size-default\">JE SOUHAITE R\u00c9SERVER UNE S\u00c9ANCE PHOTO<\/h4>\t\t\t\t<\/div>\n\t\t\t\t<\/div>\n\t\t\t\t<div class=\"elementor-element elementor-element-2b68a3ce elementor-widget elementor-widget-text-editor\" data-id=\"2b68a3ce\" data-element_type=\"widget\" data-e-type=\"widget\" data-widget_type=\"text-editor.default\">\n\t\t\t\t<div class=\"elementor-widget-container\">\n\t\t\t\t\t\t\t\t\t<p style=\"text-align: center;\"><span style=\"color: #ffffff;\">Si vous souhaitez une offre personnalis\u00e9e ou un conseil, contactez-nous ou utilisez ce formulaire de contact.<\/span><\/p>\t\t\t\t\t\t\t\t<\/div>\n\t\t\t\t<\/div>\n\t\t\t\t<div class=\"elementor-element elementor-element-418a608f elementor-button-align-end elementor-mobile-button-align-center elementor-widget elementor-widget-form\" data-id=\"418a608f\" data-element_type=\"widget\" data-e-type=\"widget\" data-settings=\"{&quot;step_next_label&quot;:&quot;Next&quot;,&quot;step_previous_label&quot;:&quot;Previous&quot;,&quot;button_width&quot;:&quot;100&quot;,&quot;step_type&quot;:&quot;number_text&quot;,&quot;step_icon_shape&quot;:&quot;circle&quot;}\" data-widget_type=\"form.default\">\n\t\t\t\t<div class=\"elementor-widget-container\">\n\t\t\t\t\t\t\t<form class=\"elementor-form\" method=\"post\" name=\"New Form\" aria-label=\"New Form\">\n\t\t\t<input type=\"hidden\" name=\"post_id\" value=\"2093\"\/>\n\t\t\t<input type=\"hidden\" name=\"form_id\" value=\"418a608f\"\/>\n\t\t\t<input type=\"hidden\" name=\"referer_title\" value=\"Reportage &amp; \u00c9v\u00e9nement - Levygraphie - Photographe professionnel Luxembourg\" \/>\n\n\t\t\t\t\t\t\t<input type=\"hidden\" name=\"queried_id\" value=\"2093\"\/>\n\t\t\t\n\t\t\t<div class=\"elementor-form-fields-wrapper elementor-labels-above\">\n\t\t\t\t\t\t\t\t<div class=\"elementor-field-type-text elementor-field-group elementor-column elementor-field-group-Numm elementor-col-50\">\n\t\t\t\t\t\t\t\t\t\t\t\t<label for=\"form-field-Numm\" class=\"elementor-field-label\">\n\t\t\t\t\t\t\t\tNOM\t\t\t\t\t\t\t<\/label>\n\t\t\t\t\t\t\t\t\t\t\t\t\t\t<input size=\"1\" type=\"text\" name=\"form_fields[Numm]\" id=\"form-field-Numm\" class=\"elementor-field elementor-size-sm  elementor-field-textual\">\n\t\t\t\t\t\t\t\t\t\t\t<\/div>\n\t\t\t\t\t\t\t\t<div class=\"elementor-field-type-text elementor-field-group elementor-column elementor-field-group-Viernumm elementor-col-50\">\n\t\t\t\t\t\t\t\t\t\t\t\t<label for=\"form-field-Viernumm\" class=\"elementor-field-label\">\n\t\t\t\t\t\t\t\tPR\u00c9NOM\t\t\t\t\t\t\t<\/label>\n\t\t\t\t\t\t\t\t\t\t\t\t\t\t<input size=\"1\" type=\"text\" name=\"form_fields[Viernumm]\" id=\"form-field-Viernumm\" class=\"elementor-field elementor-size-sm  elementor-field-textual\">\n\t\t\t\t\t\t\t\t\t\t\t<\/div>\n\t\t\t\t\t\t\t\t<div class=\"elementor-field-type-text elementor-field-group elementor-column elementor-field-group-Telefonsnummer elementor-col-50\">\n\t\t\t\t\t\t\t\t\t\t\t\t<label for=\"form-field-Telefonsnummer\" class=\"elementor-field-label\">\n\t\t\t\t\t\t\t\tT\u00c9L\u00c9PHONE\t\t\t\t\t\t\t<\/label>\n\t\t\t\t\t\t\t\t\t\t\t\t\t\t<input size=\"1\" type=\"text\" name=\"form_fields[Telefonsnummer]\" id=\"form-field-Telefonsnummer\" class=\"elementor-field elementor-size-sm  elementor-field-textual\">\n\t\t\t\t\t\t\t\t\t\t\t<\/div>\n\t\t\t\t\t\t\t\t<div class=\"elementor-field-type-email elementor-field-group elementor-column elementor-field-group-email elementor-col-50 elementor-field-required\">\n\t\t\t\t\t\t\t\t\t\t\t\t<label for=\"form-field-email\" class=\"elementor-field-label\">\n\t\t\t\t\t\t\t\tE-mail\t\t\t\t\t\t\t<\/label>\n\t\t\t\t\t\t\t\t\t\t\t\t\t\t<input size=\"1\" type=\"email\" name=\"form_fields[email]\" id=\"form-field-email\" class=\"elementor-field elementor-size-sm  elementor-field-textual\" required=\"required\">\n\t\t\t\t\t\t\t\t\t\t\t<\/div>\n\t\t\t\t\t\t\t\t<div class=\"elementor-field-type-text elementor-field-group elementor-column elementor-field-group-Adress elementor-col-100\">\n\t\t\t\t\t\t\t\t\t\t\t\t<label for=\"form-field-Adress\" class=\"elementor-field-label\">\n\t\t\t\t\t\t\t\tADRESSE\t\t\t\t\t\t\t<\/label>\n\t\t\t\t\t\t\t\t\t\t\t\t\t\t<input size=\"1\" type=\"text\" name=\"form_fields[Adress]\" id=\"form-field-Adress\" class=\"elementor-field elementor-size-sm  elementor-field-textual\">\n\t\t\t\t\t\t\t\t\t\t\t<\/div>\n\t\t\t\t\t\t\t\t<div class=\"elementor-field-type-select elementor-field-group elementor-column elementor-field-group-Services elementor-col-100 elementor-field-required\">\n\t\t\t\t\t\t\t\t\t\t\t\t<label for=\"form-field-Services\" class=\"elementor-field-label\">\n\t\t\t\t\t\t\t\tCHOISIR UN TH\u00c8ME\t\t\t\t\t\t\t<\/label>\n\t\t\t\t\t\t\t\t<div class=\"elementor-field elementor-select-wrapper remove-before \">\n\t\t\t<div class=\"select-caret-down-wrapper\">\n\t\t\t\t<i aria-hidden=\"true\" class=\"eicon-caret-down\"><\/i>\t\t\t<\/div>\n\t\t\t<select name=\"form_fields[Services]\" id=\"form-field-Services\" class=\"elementor-field-textual elementor-size-sm\" required=\"required\">\n\t\t\t\t\t\t\t\t\t<option value=\"Architecture\">Architecture<\/option>\n\t\t\t\t\t\t\t\t\t<option value=\"Portraits\">Portraits<\/option>\n\t\t\t\t\t\t\t\t\t<option value=\"Reportage &amp; \u00e9v\u00e9nement\">Reportage &amp; \u00e9v\u00e9nement<\/option>\n\t\t\t\t\t\t\t\t\t<option value=\"Workshop\">Workshop<\/option>\n\t\t\t\t\t\t\t\t\t<option value=\"Autres\">Autres<\/option>\n\t\t\t\t\t\t\t<\/select>\n\t\t<\/div>\n\t\t\t\t\t\t<\/div>\n\t\t\t\t\t\t\t\t<div class=\"elementor-field-type-radio elementor-field-group elementor-column elementor-field-group-langues elementor-col-100\">\n\t\t\t\t\t<div class=\"elementor-field-subgroup  elementor-subgroup-inline\"><span class=\"elementor-field-option\"><input type=\"radio\" value=\"R\u00e9ponse en luxembourgeois\" id=\"form-field-langues-0\" name=\"form_fields[langues]\"> <label for=\"form-field-langues-0\">R\u00e9ponse en luxembourgeois<\/label><\/span><span class=\"elementor-field-option\"><input type=\"radio\" value=\"R\u00e9ponse en fran\u00e7ais\" id=\"form-field-langues-1\" name=\"form_fields[langues]\"> <label for=\"form-field-langues-1\">R\u00e9ponse en fran\u00e7ais<\/label><\/span><span class=\"elementor-field-option\"><input type=\"radio\" value=\"R\u00e9ponse en allemand\" id=\"form-field-langues-2\" name=\"form_fields[langues]\"> <label for=\"form-field-langues-2\">R\u00e9ponse en allemand<\/label><\/span><span class=\"elementor-field-option\"><input type=\"radio\" value=\"R\u00e9ponse en anglais\" id=\"form-field-langues-3\" name=\"form_fields[langues]\"> <label for=\"form-field-langues-3\">R\u00e9ponse en anglais<\/label><\/span><\/div>\t\t\t\t<\/div>\n\t\t\t\t\t\t\t\t<div class=\"elementor-field-type-textarea elementor-field-group elementor-column elementor-field-group-Commentaires elementor-col-100\">\n\t\t\t\t\t\t\t\t\t\t\t\t<label for=\"form-field-Commentaires\" class=\"elementor-field-label\">\n\t\t\t\t\t\t\t\tMessage\t\t\t\t\t\t\t<\/label>\n\t\t\t\t\t\t<textarea class=\"elementor-field-textual elementor-field  elementor-size-sm\" name=\"form_fields[Commentaires]\" id=\"form-field-Commentaires\" rows=\"4\"><\/textarea>\t\t\t\t<\/div>\n\t\t\t\t\t\t\t\t<div class=\"elementor-field-type-text\">\n\t\t\t\t\t<input size=\"1\" type=\"text\" name=\"form_fields[field_a581edd]\" id=\"form-field-field_a581edd\" class=\"elementor-field elementor-size-sm \" style=\"display:none !important;\">\t\t\t\t<\/div>\n\t\t\t\t\t\t\t\t<div class=\"elementor-field-group elementor-column elementor-field-type-submit elementor-col-100 e-form__buttons\">\n\t\t\t\t\t<button class=\"elementor-button elementor-size-md\" type=\"submit\">\n\t\t\t\t\t\t<span class=\"elementor-button-content-wrapper\">\n\t\t\t\t\t\t\t\t\t\t\t\t\t\t\t\t\t\t\t\t\t\t<span class=\"elementor-button-text\">ENVOYER <\/span>\n\t\t\t\t\t\t\t\t\t\t\t\t\t<\/span>\n\t\t\t\t\t<\/button>\n\t\t\t\t<\/div>\n\t\t\t<\/div>\n\t\t<\/form>\n\t\t\t\t\t\t<\/div>\n\t\t\t\t<\/div>\n\t\t\t\t\t<\/div>\n\t\t<\/div>\n\t\t\t\t\t<\/div>\n\t\t<\/section>\n\t\t\t\t<section class=\"elementor-section elementor-top-section elementor-element elementor-element-50a5d780 elementor-section-full_width elementor-section-height-default elementor-section-height-default parallax_section_no qode_elementor_container_no\" data-id=\"50a5d780\" data-element_type=\"section\" data-e-type=\"section\" data-settings=\"{&quot;background_background&quot;:&quot;classic&quot;}\">\n\t\t\t\t\t\t<div class=\"elementor-container elementor-column-gap-no\">\n\t\t\t\t\t<div class=\"elementor-column elementor-col-100 elementor-top-column elementor-element elementor-element-53e0c82\" data-id=\"53e0c82\" data-element_type=\"column\" data-e-type=\"column\">\n\t\t\t<div class=\"elementor-widget-wrap elementor-element-populated\">\n\t\t\t\t\t\t<section class=\"elementor-section elementor-inner-section elementor-element elementor-element-38f0733c elementor-section-content-middle elementor-section-boxed elementor-section-height-default elementor-section-height-default parallax_section_no qode_elementor_container_no\" data-id=\"38f0733c\" data-element_type=\"section\" data-e-type=\"section\">\n\t\t\t\t\t\t<div class=\"elementor-container elementor-column-gap-no\">\n\t\t\t\t\t<div class=\"elementor-column elementor-col-33 elementor-inner-column elementor-element elementor-element-198db6a1\" data-id=\"198db6a1\" data-element_type=\"column\" data-e-type=\"column\">\n\t\t\t<div class=\"elementor-widget-wrap elementor-element-populated\">\n\t\t\t\t\t\t<div class=\"elementor-element elementor-element-44bb288e elementor-widget elementor-widget-heading\" data-id=\"44bb288e\" data-element_type=\"widget\" data-e-type=\"widget\" data-widget_type=\"heading.default\">\n\t\t\t\t<div class=\"elementor-widget-container\">\n\t\t\t\t\t<h6 class=\"elementor-heading-title elementor-size-default\">ADRESSE<\/h6>\t\t\t\t<\/div>\n\t\t\t\t<\/div>\n\t\t\t\t<div class=\"elementor-element elementor-element-74a0a0f8 elementor-widget elementor-widget-text-editor\" data-id=\"74a0a0f8\" data-element_type=\"widget\" data-e-type=\"widget\" data-widget_type=\"text-editor.default\">\n\t\t\t\t<div class=\"elementor-widget-container\">\n\t\t\t\t\t\t\t\t\t<p style=\"text-align: center;\"><span style=\"color: #ffffff;\">12, rue du Bois L-7354 Helmdange (Commune de Lorentzweiler)<\/span><\/p>\t\t\t\t\t\t\t\t<\/div>\n\t\t\t\t<\/div>\n\t\t\t\t\t<\/div>\n\t\t<\/div>\n\t\t\t\t<div class=\"elementor-column elementor-col-33 elementor-inner-column elementor-element elementor-element-2bbfa27c\" data-id=\"2bbfa27c\" data-element_type=\"column\" data-e-type=\"column\">\n\t\t\t<div class=\"elementor-widget-wrap elementor-element-populated\">\n\t\t\t\t\t\t<div class=\"elementor-element elementor-element-345581c1 elementor-widget elementor-widget-heading\" data-id=\"345581c1\" data-element_type=\"widget\" data-e-type=\"widget\" data-widget_type=\"heading.default\">\n\t\t\t\t<div class=\"elementor-widget-container\">\n\t\t\t\t\t<h6 class=\"elementor-heading-title elementor-size-default\">ContaCt<\/h6>\t\t\t\t<\/div>\n\t\t\t\t<\/div>\n\t\t\t\t<div class=\"elementor-element elementor-element-3ee3e424 elementor-widget elementor-widget-text-editor\" data-id=\"3ee3e424\" data-element_type=\"widget\" data-e-type=\"widget\" data-widget_type=\"text-editor.default\">\n\t\t\t\t<div class=\"elementor-widget-container\">\n\t\t\t\t\t\t\t\t\t<p style=\"text-align: center;\"><span style=\"color: #ffffff;\">Tel. : <a style=\"color: #ffffff;\" href=\"tel:0035226332461\">(00352) 26 33 24 61<\/a><\/span><br \/><span style=\"color: #ffffff;\">Mail : <a style=\"color: #ffffff;\" href=\"mailto:contact@levygraphie.lu\">contact@levygraphie.lu<\/a><\/span><\/p>\t\t\t\t\t\t\t\t<\/div>\n\t\t\t\t<\/div>\n\t\t\t\t\t<\/div>\n\t\t<\/div>\n\t\t\t\t<div class=\"elementor-column elementor-col-33 elementor-inner-column elementor-element elementor-element-7d536c92\" data-id=\"7d536c92\" data-element_type=\"column\" data-e-type=\"column\">\n\t\t\t<div class=\"elementor-widget-wrap elementor-element-populated\">\n\t\t\t\t\t\t<div class=\"elementor-element elementor-element-fc44dbe elementor-widget elementor-widget-qi_addons_for_elementor_button\" data-id=\"fc44dbe\" data-element_type=\"widget\" data-e-type=\"widget\" data-widget_type=\"qi_addons_for_elementor_button.default\">\n\t\t\t\t<div class=\"elementor-widget-container\">\n\t\t\t\t\t<a class=\"qodef-shortcode qodef-m qodef-qi-button qodef-html--link qodef-layout--outlined qodef-type--standard qodef-size--full qodef-icon--right qodef-hover--icon-move-horizontal-short\" href=\"https:\/\/new.levygraphie.lu\/impressum\/\" target=\"_self\">\n\t<span class=\"qodef-m-text\">IMPRESSUM<\/span>\n\t<\/a>\n\t\t\t\t<\/div>\n\t\t\t\t<\/div>\n\t\t\t\t<div class=\"elementor-element elementor-element-492c2551 elementor-widget elementor-widget-qi_addons_for_elementor_button\" data-id=\"492c2551\" data-element_type=\"widget\" data-e-type=\"widget\" data-widget_type=\"qi_addons_for_elementor_button.default\">\n\t\t\t\t<div class=\"elementor-widget-container\">\n\t\t\t\t\t<a class=\"qodef-shortcode qodef-m qodef-qi-button qodef-html--link qodef-layout--outlined qodef-type--standard qodef-size--full qodef-icon--right qodef-hover--icon-move-horizontal-short\" href=\"https:\/\/new.levygraphie.lu\/conditions-generales\/\" target=\"_self\">\n\t<span class=\"qodef-m-text\">CONDITIONS G\u00c9N\u00c9RALES<\/span>\n\t<\/a>\n\t\t\t\t<\/div>\n\t\t\t\t<\/div>\n\t\t\t\t<div class=\"elementor-element elementor-element-454b3e0 elementor-widget elementor-widget-qi_addons_for_elementor_button\" data-id=\"454b3e0\" data-element_type=\"widget\" data-e-type=\"widget\" data-widget_type=\"qi_addons_for_elementor_button.default\">\n\t\t\t\t<div class=\"elementor-widget-container\">\n\t\t\t\t\t<a class=\"qodef-shortcode qodef-m qodef-qi-button qodef-html--link qodef-layout--outlined qodef-type--standard qodef-size--full qodef-icon--right qodef-hover--icon-move-horizontal-short\" href=\"https:\/\/new.levygraphie.lu\/cookie-policy\/\" target=\"_self\">\n\t<span class=\"qodef-m-text\">COOKIE POLICY<\/span>\n\t<\/a>\n\t\t\t\t<\/div>\n\t\t\t\t<\/div>\n\t\t\t\t\t<\/div>\n\t\t<\/div>\n\t\t\t\t\t<\/div>\n\t\t<\/section>\n\t\t\t\t<div class=\"elementor-element elementor-element-3dabbed3 elementor-widget elementor-widget-text-editor\" data-id=\"3dabbed3\" data-element_type=\"widget\" data-e-type=\"widget\" data-widget_type=\"text-editor.default\">\n\t\t\t\t<div class=\"elementor-widget-container\">\n\t\t\t\t\t\t\t\t\t<p style=\"text-align: center;\">\u00a0<\/p><p style=\"text-align: center;\">\u00a0<\/p><p style=\"text-align: center;\">Creation &amp; webdesign : MEDIATION S.A<\/p>\t\t\t\t\t\t\t\t<\/div>\n\t\t\t\t<\/div>\n\t\t\t\t\t<\/div>\n\t\t<\/div>\n\t\t\t\t\t<\/div>\n\t\t<\/section>\n\t\t\t\t<\/div>\n\t\t","protected":false},"excerpt":{"rendered":"<p>Reports &#038; Events Reportages photo authentiques et histoires en images Vous souhaitez mettre en valeur vos r\u00e9alisations et produits pour les pr\u00e9senter \u00e0 vos clients? Vous planifiez un \u00e9v\u00e9nement pour lequel vous avez besoin d\u2019un photographe professionnel? Nous \u00e9laborerons un concept visuel en fonction de&#8230;<\/p>\n","protected":false},"author":1,"featured_media":0,"parent":0,"menu_order":0,"comment_status":"closed","ping_status":"closed","template":"elementor_header_footer","meta":{"footnotes":""},"class_list":["post-2093","page","type-page","status-publish","hentry"],"yoast_head":"<!-- This site is optimized with the Yoast SEO plugin v27.0 - https:\/\/yoast.com\/product\/yoast-seo-wordpress\/ -->\n<title>Reportage &amp; \u00c9v\u00e9nement - Levygraphie - Photographe professionnel Luxembourg<\/title>\n<meta name=\"description\" content=\"Vous souhaitez faire appel \u00e0 un photographe professionnel pour vos \u00e9v\u00e9nements ? Nous r\u00e9alisons tous les types de reportages photo.\" \/>\n<meta name=\"robots\" content=\"index, follow, max-snippet:-1, max-image-preview:large, max-video-preview:-1\" \/>\n<link rel=\"canonical\" href=\"https:\/\/www.levygraphie.lu\/fr\/reportage-evenements\/\" \/>\n<meta property=\"og:locale\" content=\"fr_FR\" \/>\n<meta property=\"og:type\" content=\"article\" \/>\n<meta property=\"og:title\" content=\"Reportage &amp; \u00c9v\u00e9nement - Levygraphie - Photographe professionnel Luxembourg\" \/>\n<meta property=\"og:description\" content=\"Vous souhaitez faire appel \u00e0 un photographe professionnel pour vos \u00e9v\u00e9nements ? Nous r\u00e9alisons tous les types de reportages photo.\" \/>\n<meta property=\"og:url\" content=\"https:\/\/www.levygraphie.lu\/fr\/reportage-evenements\/\" \/>\n<meta property=\"og:site_name\" content=\"Levygraphie\" \/>\n<meta property=\"article:publisher\" content=\"https:\/\/www.facebook.com\/Levygraphie-206714406062166\" \/>\n<meta property=\"article:modified_time\" content=\"2024-07-04T11:55:12+00:00\" \/>\n<meta name=\"twitter:card\" content=\"summary_large_image\" \/>\n<meta name=\"twitter:label1\" content=\"Dur\u00e9e de lecture estim\u00e9e\" \/>\n\t<meta name=\"twitter:data1\" content=\"1 minute\" \/>\n<script type=\"application\/ld+json\" class=\"yoast-schema-graph\">{\"@context\":\"https:\/\/schema.org\",\"@graph\":[{\"@type\":\"WebPage\",\"@id\":\"https:\/\/www.levygraphie.lu\/fr\/reportage-evenements\/\",\"url\":\"https:\/\/www.levygraphie.lu\/fr\/reportage-evenements\/\",\"name\":\"Reportage & \u00c9v\u00e9nement - Levygraphie - Photographe professionnel Luxembourg\",\"isPartOf\":{\"@id\":\"https:\/\/www.levygraphie.lu\/fr\/#website\"},\"datePublished\":\"2021-08-11T12:28:48+00:00\",\"dateModified\":\"2024-07-04T11:55:12+00:00\",\"description\":\"Vous souhaitez faire appel \u00e0 un photographe professionnel pour vos \u00e9v\u00e9nements ? Nous r\u00e9alisons tous les types de reportages photo.\",\"breadcrumb\":{\"@id\":\"https:\/\/www.levygraphie.lu\/fr\/reportage-evenements\/#breadcrumb\"},\"inLanguage\":\"fr-FR\",\"potentialAction\":[{\"@type\":\"ReadAction\",\"target\":[\"https:\/\/www.levygraphie.lu\/fr\/reportage-evenements\/\"]}]},{\"@type\":\"BreadcrumbList\",\"@id\":\"https:\/\/www.levygraphie.lu\/fr\/reportage-evenements\/#breadcrumb\",\"itemListElement\":[{\"@type\":\"ListItem\",\"position\":1,\"name\":\"Home\",\"item\":\"https:\/\/www.levygraphie.lu\/fr\/\"},{\"@type\":\"ListItem\",\"position\":2,\"name\":\"Des reportages photo et autres \u00e9v\u00e8nements au Luxembourg\"}]},{\"@type\":\"WebSite\",\"@id\":\"https:\/\/www.levygraphie.lu\/fr\/#website\",\"url\":\"https:\/\/www.levygraphie.lu\/fr\/\",\"name\":\"Levygraphie\",\"description\":\"Photographe professionnel au Luxembourg\",\"publisher\":{\"@id\":\"https:\/\/www.levygraphie.lu\/fr\/#organization\"},\"potentialAction\":[{\"@type\":\"SearchAction\",\"target\":{\"@type\":\"EntryPoint\",\"urlTemplate\":\"https:\/\/www.levygraphie.lu\/fr\/?s={search_term_string}\"},\"query-input\":{\"@type\":\"PropertyValueSpecification\",\"valueRequired\":true,\"valueName\":\"search_term_string\"}}],\"inLanguage\":\"fr-FR\"},{\"@type\":\"Organization\",\"@id\":\"https:\/\/www.levygraphie.lu\/fr\/#organization\",\"name\":\"Levygraphie\",\"url\":\"https:\/\/www.levygraphie.lu\/fr\/\",\"logo\":{\"@type\":\"ImageObject\",\"inLanguage\":\"fr-FR\",\"@id\":\"https:\/\/www.levygraphie.lu\/fr\/#\/schema\/logo\/image\/\",\"url\":\"https:\/\/www.levygraphie.lu\/wp-content\/uploads\/2021\/08\/logo_levygraphie-2.png\",\"contentUrl\":\"https:\/\/www.levygraphie.lu\/wp-content\/uploads\/2021\/08\/logo_levygraphie-2.png\",\"width\":568,\"height\":180,\"caption\":\"Levygraphie\"},\"image\":{\"@id\":\"https:\/\/www.levygraphie.lu\/fr\/#\/schema\/logo\/image\/\"},\"sameAs\":[\"https:\/\/www.facebook.com\/Levygraphie-206714406062166\"]}]}<\/script>\n<!-- \/ Yoast SEO plugin. -->","yoast_head_json":{"title":"Reportage & \u00c9v\u00e9nement - Levygraphie - Photographe professionnel Luxembourg","description":"Vous souhaitez faire appel \u00e0 un photographe professionnel pour vos \u00e9v\u00e9nements ? Nous r\u00e9alisons tous les types de reportages photo.","robots":{"index":"index","follow":"follow","max-snippet":"max-snippet:-1","max-image-preview":"max-image-preview:large","max-video-preview":"max-video-preview:-1"},"canonical":"https:\/\/www.levygraphie.lu\/fr\/reportage-evenements\/","og_locale":"fr_FR","og_type":"article","og_title":"Reportage & \u00c9v\u00e9nement - Levygraphie - Photographe professionnel Luxembourg","og_description":"Vous souhaitez faire appel \u00e0 un photographe professionnel pour vos \u00e9v\u00e9nements ? Nous r\u00e9alisons tous les types de reportages photo.","og_url":"https:\/\/www.levygraphie.lu\/fr\/reportage-evenements\/","og_site_name":"Levygraphie","article_publisher":"https:\/\/www.facebook.com\/Levygraphie-206714406062166","article_modified_time":"2024-07-04T11:55:12+00:00","twitter_card":"summary_large_image","twitter_misc":{"Dur\u00e9e de lecture estim\u00e9e":"1 minute"},"schema":{"@context":"https:\/\/schema.org","@graph":[{"@type":"WebPage","@id":"https:\/\/www.levygraphie.lu\/fr\/reportage-evenements\/","url":"https:\/\/www.levygraphie.lu\/fr\/reportage-evenements\/","name":"Reportage & \u00c9v\u00e9nement - Levygraphie - Photographe professionnel Luxembourg","isPartOf":{"@id":"https:\/\/www.levygraphie.lu\/fr\/#website"},"datePublished":"2021-08-11T12:28:48+00:00","dateModified":"2024-07-04T11:55:12+00:00","description":"Vous souhaitez faire appel \u00e0 un photographe professionnel pour vos \u00e9v\u00e9nements ? Nous r\u00e9alisons tous les types de reportages photo.","breadcrumb":{"@id":"https:\/\/www.levygraphie.lu\/fr\/reportage-evenements\/#breadcrumb"},"inLanguage":"fr-FR","potentialAction":[{"@type":"ReadAction","target":["https:\/\/www.levygraphie.lu\/fr\/reportage-evenements\/"]}]},{"@type":"BreadcrumbList","@id":"https:\/\/www.levygraphie.lu\/fr\/reportage-evenements\/#breadcrumb","itemListElement":[{"@type":"ListItem","position":1,"name":"Home","item":"https:\/\/www.levygraphie.lu\/fr\/"},{"@type":"ListItem","position":2,"name":"Des reportages photo et autres \u00e9v\u00e8nements au Luxembourg"}]},{"@type":"WebSite","@id":"https:\/\/www.levygraphie.lu\/fr\/#website","url":"https:\/\/www.levygraphie.lu\/fr\/","name":"Levygraphie","description":"Photographe professionnel au Luxembourg","publisher":{"@id":"https:\/\/www.levygraphie.lu\/fr\/#organization"},"potentialAction":[{"@type":"SearchAction","target":{"@type":"EntryPoint","urlTemplate":"https:\/\/www.levygraphie.lu\/fr\/?s={search_term_string}"},"query-input":{"@type":"PropertyValueSpecification","valueRequired":true,"valueName":"search_term_string"}}],"inLanguage":"fr-FR"},{"@type":"Organization","@id":"https:\/\/www.levygraphie.lu\/fr\/#organization","name":"Levygraphie","url":"https:\/\/www.levygraphie.lu\/fr\/","logo":{"@type":"ImageObject","inLanguage":"fr-FR","@id":"https:\/\/www.levygraphie.lu\/fr\/#\/schema\/logo\/image\/","url":"https:\/\/www.levygraphie.lu\/wp-content\/uploads\/2021\/08\/logo_levygraphie-2.png","contentUrl":"https:\/\/www.levygraphie.lu\/wp-content\/uploads\/2021\/08\/logo_levygraphie-2.png","width":568,"height":180,"caption":"Levygraphie"},"image":{"@id":"https:\/\/www.levygraphie.lu\/fr\/#\/schema\/logo\/image\/"},"sameAs":["https:\/\/www.facebook.com\/Levygraphie-206714406062166"]}]}},"_links":{"self":[{"href":"https:\/\/www.levygraphie.lu\/fr\/wp-json\/wp\/v2\/pages\/2093","targetHints":{"allow":["GET"]}}],"collection":[{"href":"https:\/\/www.levygraphie.lu\/fr\/wp-json\/wp\/v2\/pages"}],"about":[{"href":"https:\/\/www.levygraphie.lu\/fr\/wp-json\/wp\/v2\/types\/page"}],"author":[{"embeddable":true,"href":"https:\/\/www.levygraphie.lu\/fr\/wp-json\/wp\/v2\/users\/1"}],"replies":[{"embeddable":true,"href":"https:\/\/www.levygraphie.lu\/fr\/wp-json\/wp\/v2\/comments?post=2093"}],"version-history":[{"count":50,"href":"https:\/\/www.levygraphie.lu\/fr\/wp-json\/wp\/v2\/pages\/2093\/revisions"}],"predecessor-version":[{"id":8789,"href":"https:\/\/www.levygraphie.lu\/fr\/wp-json\/wp\/v2\/pages\/2093\/revisions\/8789"}],"wp:attachment":[{"href":"https:\/\/www.levygraphie.lu\/fr\/wp-json\/wp\/v2\/media?parent=2093"}],"curies":[{"name":"wp","href":"https:\/\/api.w.org\/{rel}","templated":true}]}}