{"version":"1.0","provider_name":"Levygraphie","provider_url":"https:\/\/www.levygraphie.lu\/fr\/","author_name":"admin","author_url":"https:\/\/www.levygraphie.lu\/fr\/author\/admin\/","title":"Levygraphie - Votre photographe au Luxembourg","type":"rich","width":600,"height":338,"html":"<blockquote class=\"wp-embedded-content\" data-secret=\"ji2NmxAWgn\"><a href=\"https:\/\/www.levygraphie.lu\/fr\/\">Votre photographe sp\u00e9cialis\u00e9 photos corporate Luxembourg<\/a><\/blockquote><iframe sandbox=\"allow-scripts\" security=\"restricted\" src=\"https:\/\/www.levygraphie.lu\/fr\/embed\/#?secret=ji2NmxAWgn\" width=\"600\" height=\"338\" title=\"\u00ab\u00a0Votre photographe sp\u00e9cialis\u00e9 photos corporate Luxembourg\u00a0\u00bb &#8212; Levygraphie\" data-secret=\"ji2NmxAWgn\" frameborder=\"0\" marginwidth=\"0\" marginheight=\"0\" scrolling=\"no\" class=\"wp-embedded-content\"><\/iframe><script type=\"text\/javascript\">\n\/* <![CDATA[ *\/\n\/*! This file is auto-generated *\/\n!function(d,l){\"use strict\";l.querySelector&&d.addEventListener&&\"undefined\"!=typeof URL&&(d.wp=d.wp||{},d.wp.receiveEmbedMessage||(d.wp.receiveEmbedMessage=function(e){var t=e.data;if((t||t.secret||t.message||t.value)&&!\/[^a-zA-Z0-9]\/.test(t.secret)){for(var s,r,n,a=l.querySelectorAll('iframe[data-secret=\"'+t.secret+'\"]'),o=l.querySelectorAll('blockquote[data-secret=\"'+t.secret+'\"]'),c=new RegExp(\"^https?:$\",\"i\"),i=0;i<o.length;i++)o[i].style.display=\"none\";for(i=0;i<a.length;i++)s=a[i],e.source===s.contentWindow&&(s.removeAttribute(\"style\"),\"height\"===t.message?(1e3<(r=parseInt(t.value,10))?r=1e3:~~r<200&&(r=200),s.height=r):\"link\"===t.message&&(r=new URL(s.getAttribute(\"src\")),n=new URL(t.value),c.test(n.protocol))&&n.host===r.host&&l.activeElement===s&&(d.top.location.href=t.value))}},d.addEventListener(\"message\",d.wp.receiveEmbedMessage,!1),l.addEventListener(\"DOMContentLoaded\",function(){for(var e,t,s=l.querySelectorAll(\"iframe.wp-embedded-content\"),r=0;r<s.length;r++)(t=(e=s[r]).getAttribute(\"data-secret\"))||(t=Math.random().toString(36).substring(2,12),e.src+=\"#?secret=\"+t,e.setAttribute(\"data-secret\",t)),e.contentWindow.postMessage({message:\"ready\",secret:t},\"*\")},!1)))}(window,document);\n\/\/# sourceURL=https:\/\/www.levygraphie.lu\/wp-includes\/js\/wp-embed.min.js\n\/* ]]> *\/\n<\/script>\n","thumbnail_url":"https:\/\/www.levygraphie.lu\/wp-content\/uploads\/2024\/04\/levygraphie.jpg","thumbnail_width":1181,"thumbnail_height":1181,"description":"Que vous soyez une entreprise ou une personne priv\u00e9e, nous trouvons le moment-cl\u00e9 pour vous mettre en sc\u00e8ne dans notre studio photo ou \"on location\". Des prises de vue expressives, esth\u00e9tiques et dynamiques caract\u00e9risent notre style, une finition haut de gamme compl\u00e8te et valorise le design des photos."}